{"id":185,"date":"2026-04-28T11:45:29","date_gmt":"2026-04-28T09:45:29","guid":{"rendered":"https:\/\/systemische-praxis-bremen.de\/?page_id=185"},"modified":"2026-04-28T12:19:24","modified_gmt":"2026-04-28T10:19:24","slug":"paarberatung","status":"publish","type":"page","link":"https:\/\/systemische-praxis-bremen.de\/?page_id=185","title":{"rendered":"Paarberatung"},"content":{"rendered":"\n<p id=\"block-d8e242c7-2dab-4667-8a35-539e27f54f58\"><strong>M\u00f6gliche Themen<\/strong>, <strong>mit denen Paare in die Beratung\/Therapie kommen:<\/strong><\/p>\n\n\n\n<ul id=\"block-542f2f39-4b26-416a-80bf-c662b2c8b916\" class=\"wp-block-list\">\n<li>Wiederkehrende Konflikte und eingefahrene Kommunikationsmuster<\/li>\n\n\n\n<li>Aufarbeitung gegenseitiger Verletzungen<\/li>\n\n\n\n<li>Wiederherstellung von N\u00e4he und Intimit\u00e4t<\/li>\n\n\n\n<li>Umgang mit und Kommunikation \u00fcber unterschiedliche Bed\u00fcrfnisse<\/li>\n\n\n\n<li>Unterschiedlichkeit in der Sexualit\u00e4t<\/li>\n\n\n\n<li>Untreue\/Aff\u00e4ren<\/li>\n\n\n\n<li>Krisen im Lebenszyklus z.B. durch Geburt eines Kindes, Auszug eines Kindes, Tod eines Elternteils, Pflegesituation etc&nbsp;<\/li>\n\n\n\n<li>Kl\u00e4rung, ob Zusammenbleiben sinnvoll ist<\/li>\n\n\n\n<li>Zwischen Alltag, Familie und Beruf wieder Raum f\u00fcr Zweisamkeit schaffen<\/li>\n<\/ul>\n\n\n\n<p id=\"block-ae5a77b5-0ced-4e87-bdf8-9156bb0ab214\"><strong>Ablauf<\/strong><\/p>\n\n\n\n<p id=\"block-e836a9b8-87c1-4256-92d5-ec621c78ae85\">In der Paarberatung arbeite ich zusammen mit meinem Praxispartner Hans Hasselder im Beratungstandem, so dass es zwei Gegen\u00fcber f\u00fcr Sie gibt. Dies wird von vielen Paaren als sehr hilfreich erlebt.&nbsp;<\/p>\n\n\n\n<p id=\"block-08d45ec0-8cd1-43e3-950e-29ead562fe91\">Bei Bedarf k\u00f6nnen auch Einzelsitzungen stattfinden, z.B. von Frau zu Frau oder Mann zu Mann.<\/p>\n\n\n\n<p id=\"block-bb04c68c-855c-43c4-a5ea-ac5e6a66e53e\">Eine Paarsitzung dauert in der Regel 90 Minuten.<\/p>\n\n\n\n<p id=\"block-6201ab84-b971-4a09-aa2c-97ade04ed594\">Nach dem Erstgespr\u00e4ch entscheiden Sie gemeinsam, ob \u201edie Chemie stimmt\u201c, Sie sich eine Zusammenarbeit mit uns vorstellen k\u00f6nnen, und es weitere Termine geben soll.<\/p>\n\n\n\n<p id=\"block-7dfbe5ea-9a9f-4f42-a207-b7b499483187\">Sie bestimmen die Anzahl der weiteren Termine. Oftmals ergeben sich bereits nach 3 \u2013 5 Sitzungen hilfreiche Entwicklungen.<\/p>\n\n\n\n<p id=\"block-e83b178a-f060-41ca-b83d-3fd51071df7e\">Der Abstand zwischen den Terminen betr\u00e4gt in etwa 4 -6 Wochen, in akuten Krisensituationen kann der Abstand k\u00fcrzer sein.<\/p>\n\n\n\n<p>Die Paarberatung findet in unserem Praxisraum in 26123 Oldenburg, Donnerschweerstrasse 10 statt.<\/p>\n","protected":false},"excerpt":{"rendered":"<p>M\u00f6gliche Themen, mit denen Paare in die Beratung\/Therapie kommen: Ablauf In der Paarberatung arbeite ich zusammen mit meinem Praxispartner Hans Hasselder im Beratungstandem, so dass es zwei Gegen\u00fcber f\u00fcr Sie gibt. Dies wird von vielen Paaren als sehr hilfreich erlebt.&nbsp; Bei Bedarf k\u00f6nnen auch Einzelsitzungen stattfinden, z.B. von Frau zu Frau oder Mann zu Mann. &hellip; <\/p>\n<p class=\"link-more\"><a href=\"https:\/\/systemische-praxis-bremen.de\/?page_id=185\" class=\"more-link\"><span class=\"screen-reader-text\">\u201ePaarberatung\u201c <\/span>weiterlesen<\/a><\/p>\n","protected":false},"author":1,"featured_media":61,"parent":0,"menu_order":0,"comment_status":"closed","ping_status":"closed","template":"","meta":{"footnotes":""},"class_list":["post-185","page","type-page","status-publish","has-post-thumbnail","hentry"],"yoast_head":"<!-- This site is optimized with the Yoast SEO plugin v27.5 - https:\/\/yoast.com\/product\/yoast-seo-wordpress\/ -->\n<title>Paarberatung - Systemische Praxis Bremen<\/title>\n<meta name=\"robots\" content=\"index, follow, max-snippet:-1, max-image-preview:large, max-video-preview:-1\" \/>\n<link rel=\"canonical\" href=\"https:\/\/systemische-praxis-bremen.de\/?page_id=185\" \/>\n<meta property=\"og:locale\" content=\"de_DE\" \/>\n<meta property=\"og:type\" content=\"article\" \/>\n<meta property=\"og:title\" content=\"Paarberatung - Systemische Praxis Bremen\" \/>\n<meta property=\"og:description\" content=\"M\u00f6gliche Themen, mit denen Paare in die Beratung\/Therapie kommen: Ablauf In der Paarberatung arbeite ich zusammen mit meinem Praxispartner Hans Hasselder im Beratungstandem, so dass es zwei Gegen\u00fcber f\u00fcr Sie gibt. Dies wird von vielen Paaren als sehr hilfreich erlebt.&nbsp; Bei Bedarf k\u00f6nnen auch Einzelsitzungen stattfinden, z.B. von Frau zu Frau oder Mann zu Mann. &hellip; \u201ePaarberatung\u201c weiterlesen\" \/>\n<meta property=\"og:url\" content=\"https:\/\/systemische-praxis-bremen.de\/?page_id=185\" \/>\n<meta property=\"og:site_name\" content=\"Systemische Praxis Bremen\" \/>\n<meta property=\"article:modified_time\" content=\"2026-04-28T10:19:24+00:00\" \/>\n<meta property=\"og:image\" content=\"https:\/\/systemische-praxis-bremen.de\/wp-content\/uploads\/2026\/02\/Paar.jpg\" \/>\n\t<meta property=\"og:image:width\" content=\"2448\" \/>\n\t<meta property=\"og:image:height\" content=\"2448\" \/>\n\t<meta property=\"og:image:type\" content=\"image\/jpeg\" \/>\n<meta name=\"twitter:card\" content=\"summary_large_image\" \/>\n<meta name=\"twitter:label1\" content=\"Gesch\u00e4tzte Lesezeit\" \/>\n\t<meta name=\"twitter:data1\" content=\"2\u00a0Minuten\" \/>\n<script type=\"application\/ld+json\" class=\"yoast-schema-graph\">{\"@context\":\"https:\\\/\\\/schema.org\",\"@graph\":[{\"@type\":\"WebPage\",\"@id\":\"https:\\\/\\\/systemische-praxis-bremen.de\\\/?page_id=185\",\"url\":\"https:\\\/\\\/systemische-praxis-bremen.de\\\/?page_id=185\",\"name\":\"Paarberatung - Systemische Praxis Bremen\",\"isPartOf\":{\"@id\":\"https:\\\/\\\/systemische-praxis-bremen.de\\\/#website\"},\"primaryImageOfPage\":{\"@id\":\"https:\\\/\\\/systemische-praxis-bremen.de\\\/?page_id=185#primaryimage\"},\"image\":{\"@id\":\"https:\\\/\\\/systemische-praxis-bremen.de\\\/?page_id=185#primaryimage\"},\"thumbnailUrl\":\"https:\\\/\\\/systemische-praxis-bremen.de\\\/wp-content\\\/uploads\\\/2026\\\/02\\\/Paar.jpg\",\"datePublished\":\"2026-04-28T09:45:29+00:00\",\"dateModified\":\"2026-04-28T10:19:24+00:00\",\"breadcrumb\":{\"@id\":\"https:\\\/\\\/systemische-praxis-bremen.de\\\/?page_id=185#breadcrumb\"},\"inLanguage\":\"de\",\"potentialAction\":[{\"@type\":\"ReadAction\",\"target\":[\"https:\\\/\\\/systemische-praxis-bremen.de\\\/?page_id=185\"]}]},{\"@type\":\"ImageObject\",\"inLanguage\":\"de\",\"@id\":\"https:\\\/\\\/systemische-praxis-bremen.de\\\/?page_id=185#primaryimage\",\"url\":\"https:\\\/\\\/systemische-praxis-bremen.de\\\/wp-content\\\/uploads\\\/2026\\\/02\\\/Paar.jpg\",\"contentUrl\":\"https:\\\/\\\/systemische-praxis-bremen.de\\\/wp-content\\\/uploads\\\/2026\\\/02\\\/Paar.jpg\",\"width\":2448,\"height\":2448,\"caption\":\"Paarberatung\"},{\"@type\":\"BreadcrumbList\",\"@id\":\"https:\\\/\\\/systemische-praxis-bremen.de\\\/?page_id=185#breadcrumb\",\"itemListElement\":[{\"@type\":\"ListItem\",\"position\":1,\"name\":\"Start\",\"item\":\"https:\\\/\\\/systemische-praxis-bremen.de\\\/\"},{\"@type\":\"ListItem\",\"position\":2,\"name\":\"Paarberatung\"}]},{\"@type\":\"WebSite\",\"@id\":\"https:\\\/\\\/systemische-praxis-bremen.de\\\/#website\",\"url\":\"https:\\\/\\\/systemische-praxis-bremen.de\\\/\",\"name\":\"Systemische Praxis Bremen\",\"description\":\"Franziska Gschwendtner\",\"publisher\":{\"@id\":\"https:\\\/\\\/systemische-praxis-bremen.de\\\/#organization\"},\"potentialAction\":[{\"@type\":\"SearchAction\",\"target\":{\"@type\":\"EntryPoint\",\"urlTemplate\":\"https:\\\/\\\/systemische-praxis-bremen.de\\\/?s={search_term_string}\"},\"query-input\":{\"@type\":\"PropertyValueSpecification\",\"valueRequired\":true,\"valueName\":\"search_term_string\"}}],\"inLanguage\":\"de\"},{\"@type\":\"Organization\",\"@id\":\"https:\\\/\\\/systemische-praxis-bremen.de\\\/#organization\",\"name\":\"Systemische Praxis Bremen\",\"url\":\"https:\\\/\\\/systemische-praxis-bremen.de\\\/\",\"logo\":{\"@type\":\"ImageObject\",\"inLanguage\":\"de\",\"@id\":\"https:\\\/\\\/systemische-praxis-bremen.de\\\/#\\\/schema\\\/logo\\\/image\\\/\",\"url\":\"https:\\\/\\\/systemische-praxis-bremen.de\\\/wp-content\\\/uploads\\\/2026\\\/02\\\/cropped-logo-icon-transparent-2-e1776718902626.png\",\"contentUrl\":\"https:\\\/\\\/systemische-praxis-bremen.de\\\/wp-content\\\/uploads\\\/2026\\\/02\\\/cropped-logo-icon-transparent-2-e1776718902626.png\",\"width\":112,\"height\":125,\"caption\":\"Systemische Praxis Bremen\"},\"image\":{\"@id\":\"https:\\\/\\\/systemische-praxis-bremen.de\\\/#\\\/schema\\\/logo\\\/image\\\/\"}}]}<\/script>\n<!-- \/ Yoast SEO plugin. -->","yoast_head_json":{"title":"Paarberatung - Systemische Praxis Bremen","robots":{"index":"index","follow":"follow","max-snippet":"max-snippet:-1","max-image-preview":"max-image-preview:large","max-video-preview":"max-video-preview:-1"},"canonical":"https:\/\/systemische-praxis-bremen.de\/?page_id=185","og_locale":"de_DE","og_type":"article","og_title":"Paarberatung - Systemische Praxis Bremen","og_description":"M\u00f6gliche Themen, mit denen Paare in die Beratung\/Therapie kommen: Ablauf In der Paarberatung arbeite ich zusammen mit meinem Praxispartner Hans Hasselder im Beratungstandem, so dass es zwei Gegen\u00fcber f\u00fcr Sie gibt. Dies wird von vielen Paaren als sehr hilfreich erlebt.&nbsp; Bei Bedarf k\u00f6nnen auch Einzelsitzungen stattfinden, z.B. von Frau zu Frau oder Mann zu Mann. &hellip; \u201ePaarberatung\u201c weiterlesen","og_url":"https:\/\/systemische-praxis-bremen.de\/?page_id=185","og_site_name":"Systemische Praxis Bremen","article_modified_time":"2026-04-28T10:19:24+00:00","og_image":[{"width":2448,"height":2448,"url":"https:\/\/systemische-praxis-bremen.de\/wp-content\/uploads\/2026\/02\/Paar.jpg","type":"image\/jpeg"}],"twitter_card":"summary_large_image","twitter_misc":{"Gesch\u00e4tzte Lesezeit":"2\u00a0Minuten"},"schema":{"@context":"https:\/\/schema.org","@graph":[{"@type":"WebPage","@id":"https:\/\/systemische-praxis-bremen.de\/?page_id=185","url":"https:\/\/systemische-praxis-bremen.de\/?page_id=185","name":"Paarberatung - Systemische Praxis Bremen","isPartOf":{"@id":"https:\/\/systemische-praxis-bremen.de\/#website"},"primaryImageOfPage":{"@id":"https:\/\/systemische-praxis-bremen.de\/?page_id=185#primaryimage"},"image":{"@id":"https:\/\/systemische-praxis-bremen.de\/?page_id=185#primaryimage"},"thumbnailUrl":"https:\/\/systemische-praxis-bremen.de\/wp-content\/uploads\/2026\/02\/Paar.jpg","datePublished":"2026-04-28T09:45:29+00:00","dateModified":"2026-04-28T10:19:24+00:00","breadcrumb":{"@id":"https:\/\/systemische-praxis-bremen.de\/?page_id=185#breadcrumb"},"inLanguage":"de","potentialAction":[{"@type":"ReadAction","target":["https:\/\/systemische-praxis-bremen.de\/?page_id=185"]}]},{"@type":"ImageObject","inLanguage":"de","@id":"https:\/\/systemische-praxis-bremen.de\/?page_id=185#primaryimage","url":"https:\/\/systemische-praxis-bremen.de\/wp-content\/uploads\/2026\/02\/Paar.jpg","contentUrl":"https:\/\/systemische-praxis-bremen.de\/wp-content\/uploads\/2026\/02\/Paar.jpg","width":2448,"height":2448,"caption":"Paarberatung"},{"@type":"BreadcrumbList","@id":"https:\/\/systemische-praxis-bremen.de\/?page_id=185#breadcrumb","itemListElement":[{"@type":"ListItem","position":1,"name":"Start","item":"https:\/\/systemische-praxis-bremen.de\/"},{"@type":"ListItem","position":2,"name":"Paarberatung"}]},{"@type":"WebSite","@id":"https:\/\/systemische-praxis-bremen.de\/#website","url":"https:\/\/systemische-praxis-bremen.de\/","name":"Systemische Praxis Bremen","description":"Franziska Gschwendtner","publisher":{"@id":"https:\/\/systemische-praxis-bremen.de\/#organization"},"potentialAction":[{"@type":"SearchAction","target":{"@type":"EntryPoint","urlTemplate":"https:\/\/systemische-praxis-bremen.de\/?s={search_term_string}"},"query-input":{"@type":"PropertyValueSpecification","valueRequired":true,"valueName":"search_term_string"}}],"inLanguage":"de"},{"@type":"Organization","@id":"https:\/\/systemische-praxis-bremen.de\/#organization","name":"Systemische Praxis Bremen","url":"https:\/\/systemische-praxis-bremen.de\/","logo":{"@type":"ImageObject","inLanguage":"de","@id":"https:\/\/systemische-praxis-bremen.de\/#\/schema\/logo\/image\/","url":"https:\/\/systemische-praxis-bremen.de\/wp-content\/uploads\/2026\/02\/cropped-logo-icon-transparent-2-e1776718902626.png","contentUrl":"https:\/\/systemische-praxis-bremen.de\/wp-content\/uploads\/2026\/02\/cropped-logo-icon-transparent-2-e1776718902626.png","width":112,"height":125,"caption":"Systemische Praxis Bremen"},"image":{"@id":"https:\/\/systemische-praxis-bremen.de\/#\/schema\/logo\/image\/"}}]}},"_links":{"self":[{"href":"https:\/\/systemische-praxis-bremen.de\/index.php?rest_route=\/wp\/v2\/pages\/185","targetHints":{"allow":["GET"]}}],"collection":[{"href":"https:\/\/systemische-praxis-bremen.de\/index.php?rest_route=\/wp\/v2\/pages"}],"about":[{"href":"https:\/\/systemische-praxis-bremen.de\/index.php?rest_route=\/wp\/v2\/types\/page"}],"author":[{"embeddable":true,"href":"https:\/\/systemische-praxis-bremen.de\/index.php?rest_route=\/wp\/v2\/users\/1"}],"replies":[{"embeddable":true,"href":"https:\/\/systemische-praxis-bremen.de\/index.php?rest_route=%2Fwp%2Fv2%2Fcomments&post=185"}],"version-history":[{"count":4,"href":"https:\/\/systemische-praxis-bremen.de\/index.php?rest_route=\/wp\/v2\/pages\/185\/revisions"}],"predecessor-version":[{"id":389,"href":"https:\/\/systemische-praxis-bremen.de\/index.php?rest_route=\/wp\/v2\/pages\/185\/revisions\/389"}],"wp:featuredmedia":[{"embeddable":true,"href":"https:\/\/systemische-praxis-bremen.de\/index.php?rest_route=\/wp\/v2\/media\/61"}],"wp:attachment":[{"href":"https:\/\/systemische-praxis-bremen.de\/index.php?rest_route=%2Fwp%2Fv2%2Fmedia&parent=185"}],"curies":[{"name":"wp","href":"https:\/\/api.w.org\/{rel}","templated":true}]}}