{"id":17,"date":"2026-04-28T11:45:00","date_gmt":"2026-04-28T09:45:00","guid":{"rendered":"https:\/\/systemische-praxis-bremen.de\/?page_id=17"},"modified":"2026-04-28T11:31:03","modified_gmt":"2026-04-28T09:31:03","slug":"ueber-mich","status":"publish","type":"page","link":"https:\/\/systemische-praxis-bremen.de\/?page_id=17","title":{"rendered":"\u00dcber mich"},"content":{"rendered":"\n<p class=\"has-medium-font-size\">Franziska Gschwendtner<\/p>\n\n\n\n<div class=\"wp-block-columns is-layout-flex wp-container-core-columns-is-layout-9d6595d7 wp-block-columns-is-layout-flex\">\n<div class=\"wp-block-column is-layout-flow wp-block-column-is-layout-flow\" style=\"flex-basis:100%\">\n<div class=\"wp-block-group is-nowrap is-layout-flex wp-container-core-group-is-layout-ad2f72ca wp-block-group-is-layout-flex\">\n<figure class=\"wp-block-image size-full is-resized wp-duotone-unset-1\"><img loading=\"lazy\" decoding=\"async\" width=\"458\" height=\"614\" src=\"https:\/\/systemische-praxis-bremen.de\/wp-content\/uploads\/2026\/04\/F_G.jpg\" alt=\"\" class=\"wp-image-122\" style=\"width:211px;height:auto\" srcset=\"https:\/\/systemische-praxis-bremen.de\/wp-content\/uploads\/2026\/04\/F_G.jpg 458w, https:\/\/systemische-praxis-bremen.de\/wp-content\/uploads\/2026\/04\/F_G-224x300.jpg 224w\" sizes=\"auto, (max-width: 458px) 100vw, 458px\" \/><\/figure>\n\n\n\n<ul class=\"wp-block-list\">\n<li>Systemische Supervisorin (SG)<\/li>\n\n\n\n<li>Systemische Beraterin und Therapeutin (SG)<\/li>\n\n\n\n<li>Hypnosystemische Kommunikation (MEI Hamburg)<\/li>\n\n\n\n<li>Hypnosystemische Traumafachberatung (institut berlin)<\/li>\n\n\n\n<li>Klientenzentrierte Gespr\u00e4chsf\u00fchrung (ZPP Bremen)<\/li>\n\n\n\n<li>Diplom Sozialp\u00e4dagogin und Erzieherin<\/li>\n<\/ul>\n<\/div>\n<\/div>\n<\/div>\n\n\n\n<div class=\"wp-block-group is-nowrap is-layout-flex wp-container-core-group-is-layout-ad2f72ca wp-block-group-is-layout-flex\">\n<p>Ich verf\u00fcge \u00fcber langj\u00e4hrige Berufs- und Felderfahrungen als Fach- und F\u00fchrungskraft in der Kinder-und Jugendhilfe, als Fachberaterin, als Dozentin in der Weiterbildung  in Systemischer Beratung, im Sozialpsychiatrischen Dienst, in der Eltern- und Familienberatung, als Gruppenleiterin einer Kindertagesst\u00e4tte, sowie als Lehrbeauftragte der Hochschule Bremen.<\/p>\n<\/div>\n\n\n\n<p>Seit 2006 betreibe ich mit meinem Praxispartner die &#8222;Systemische Praxis Oldenburg\/Bremen GbR&#8220; mit dem Angebot Systemische Beratung f\u00fcr Einzelne, Paare und Familien, Supervision und Coaching, sowie Fortbildungen und Seminare.<\/p>\n\n\n\n<p>Meine Haltung als systemische Beraterin, Therapeutin und Supervisorin, sowie als Hypnotherapeutin ist von Respekt, Wertsch\u00e4tzung und Neugier gepr\u00e4gt. Ich bin \u00fcberzeugt und vertraue darauf, dass Menschen ihre L\u00f6sungen, F\u00e4higkeiten und M\u00f6glichkeiten in sich tragen. Gerne begleite ich Menschen dabei, von der &#8222;Problemtrance&#8220; in die &#8222;L\u00f6sungstrance&#8220; zu kommen, indem sie ihre F\u00e4higkeiten und M\u00f6glichkeiten (wieder)entdecken und sich als Expert*in ihres Lebens erfahren.<\/p>\n\n\n\n<p>Ich bin im Berufsverband \u201eSystemische Gesellschaft (SG) organisiert.<\/p>\n\n\n\n<figure class=\"wp-block-image size-full is-resized\"><a href=\"https:\/\/systemische-gesellschaft.de\"><img loading=\"lazy\" decoding=\"async\" width=\"591\" height=\"174\" src=\"https:\/\/systemische-praxis-bremen.de\/wp-content\/uploads\/2026\/04\/Logo.jpg\" alt=\"\" class=\"wp-image-391\" style=\"width:262px;height:auto\" srcset=\"https:\/\/systemische-praxis-bremen.de\/wp-content\/uploads\/2026\/04\/Logo.jpg 591w, https:\/\/systemische-praxis-bremen.de\/wp-content\/uploads\/2026\/04\/Logo-300x88.jpg 300w\" sizes=\"auto, (max-width: 591px) 100vw, 591px\" \/><\/a><\/figure>\n","protected":false},"excerpt":{"rendered":"<p>Franziska Gschwendtner Ich verf\u00fcge \u00fcber langj\u00e4hrige Berufs- und Felderfahrungen als Fach- und F\u00fchrungskraft in der Kinder-und Jugendhilfe, als Fachberaterin, als Dozentin in der Weiterbildung in Systemischer Beratung, im Sozialpsychiatrischen Dienst, in der Eltern- und Familienberatung, als Gruppenleiterin einer Kindertagesst\u00e4tte, sowie als Lehrbeauftragte der Hochschule Bremen. Seit 2006 betreibe ich mit meinem Praxispartner die &#8222;Systemische Praxis &hellip; <\/p>\n<p class=\"link-more\"><a href=\"https:\/\/systemische-praxis-bremen.de\/?page_id=17\" class=\"more-link\"><span class=\"screen-reader-text\">\u201e\u00dcber mich\u201c <\/span>weiterlesen<\/a><\/p>\n","protected":false},"author":1,"featured_media":0,"parent":0,"menu_order":0,"comment_status":"closed","ping_status":"closed","template":"","meta":{"footnotes":""},"class_list":["post-17","page","type-page","status-publish","hentry"],"yoast_head":"<!-- This site is optimized with the Yoast SEO plugin v27.5 - https:\/\/yoast.com\/product\/yoast-seo-wordpress\/ -->\n<title>\u00dcber mich - Systemische Praxis Bremen<\/title>\n<meta name=\"robots\" content=\"index, follow, max-snippet:-1, max-image-preview:large, max-video-preview:-1\" \/>\n<link rel=\"canonical\" href=\"https:\/\/systemische-praxis-bremen.de\/?page_id=17\" \/>\n<meta property=\"og:locale\" content=\"de_DE\" \/>\n<meta property=\"og:type\" content=\"article\" \/>\n<meta property=\"og:title\" content=\"\u00dcber mich - Systemische Praxis Bremen\" \/>\n<meta property=\"og:description\" content=\"Franziska Gschwendtner Ich verf\u00fcge \u00fcber langj\u00e4hrige Berufs- und Felderfahrungen als Fach- und F\u00fchrungskraft in der Kinder-und Jugendhilfe, als Fachberaterin, als Dozentin in der Weiterbildung in Systemischer Beratung, im Sozialpsychiatrischen Dienst, in der Eltern- und Familienberatung, als Gruppenleiterin einer Kindertagesst\u00e4tte, sowie als Lehrbeauftragte der Hochschule Bremen. Seit 2006 betreibe ich mit meinem Praxispartner die &#8222;Systemische Praxis &hellip; \u201e\u00dcber mich\u201c weiterlesen\" \/>\n<meta property=\"og:url\" content=\"https:\/\/systemische-praxis-bremen.de\/?page_id=17\" \/>\n<meta property=\"og:site_name\" content=\"Systemische Praxis Bremen\" \/>\n<meta property=\"og:image\" content=\"https:\/\/systemische-praxis-bremen.de\/wp-content\/uploads\/2026\/04\/F_G.jpg\" \/>\n<meta name=\"twitter:card\" content=\"summary_large_image\" \/>\n<meta name=\"twitter:label1\" content=\"Gesch\u00e4tzte Lesezeit\" \/>\n\t<meta name=\"twitter:data1\" content=\"2\u00a0Minuten\" \/>\n<script type=\"application\/ld+json\" class=\"yoast-schema-graph\">{\"@context\":\"https:\\\/\\\/schema.org\",\"@graph\":[{\"@type\":\"WebPage\",\"@id\":\"https:\\\/\\\/systemische-praxis-bremen.de\\\/?page_id=17\",\"url\":\"https:\\\/\\\/systemische-praxis-bremen.de\\\/?page_id=17\",\"name\":\"\u00dcber mich - Systemische Praxis Bremen\",\"isPartOf\":{\"@id\":\"https:\\\/\\\/systemische-praxis-bremen.de\\\/#website\"},\"primaryImageOfPage\":{\"@id\":\"https:\\\/\\\/systemische-praxis-bremen.de\\\/?page_id=17#primaryimage\"},\"image\":{\"@id\":\"https:\\\/\\\/systemische-praxis-bremen.de\\\/?page_id=17#primaryimage\"},\"thumbnailUrl\":\"https:\\\/\\\/systemische-praxis-bremen.de\\\/wp-content\\\/uploads\\\/2026\\\/04\\\/F_G.jpg\",\"datePublished\":\"2026-04-28T09:45:00+00:00\",\"breadcrumb\":{\"@id\":\"https:\\\/\\\/systemische-praxis-bremen.de\\\/?page_id=17#breadcrumb\"},\"inLanguage\":\"de\",\"potentialAction\":[{\"@type\":\"ReadAction\",\"target\":[\"https:\\\/\\\/systemische-praxis-bremen.de\\\/?page_id=17\"]}]},{\"@type\":\"ImageObject\",\"inLanguage\":\"de\",\"@id\":\"https:\\\/\\\/systemische-praxis-bremen.de\\\/?page_id=17#primaryimage\",\"url\":\"https:\\\/\\\/systemische-praxis-bremen.de\\\/wp-content\\\/uploads\\\/2026\\\/04\\\/F_G.jpg\",\"contentUrl\":\"https:\\\/\\\/systemische-praxis-bremen.de\\\/wp-content\\\/uploads\\\/2026\\\/04\\\/F_G.jpg\",\"width\":458,\"height\":614},{\"@type\":\"BreadcrumbList\",\"@id\":\"https:\\\/\\\/systemische-praxis-bremen.de\\\/?page_id=17#breadcrumb\",\"itemListElement\":[{\"@type\":\"ListItem\",\"position\":1,\"name\":\"Start\",\"item\":\"https:\\\/\\\/systemische-praxis-bremen.de\\\/\"},{\"@type\":\"ListItem\",\"position\":2,\"name\":\"\u00dcber mich\"}]},{\"@type\":\"WebSite\",\"@id\":\"https:\\\/\\\/systemische-praxis-bremen.de\\\/#website\",\"url\":\"https:\\\/\\\/systemische-praxis-bremen.de\\\/\",\"name\":\"Systemische Praxis Bremen\",\"description\":\"Franziska Gschwendtner\",\"publisher\":{\"@id\":\"https:\\\/\\\/systemische-praxis-bremen.de\\\/#organization\"},\"potentialAction\":[{\"@type\":\"SearchAction\",\"target\":{\"@type\":\"EntryPoint\",\"urlTemplate\":\"https:\\\/\\\/systemische-praxis-bremen.de\\\/?s={search_term_string}\"},\"query-input\":{\"@type\":\"PropertyValueSpecification\",\"valueRequired\":true,\"valueName\":\"search_term_string\"}}],\"inLanguage\":\"de\"},{\"@type\":\"Organization\",\"@id\":\"https:\\\/\\\/systemische-praxis-bremen.de\\\/#organization\",\"name\":\"Systemische Praxis Bremen\",\"url\":\"https:\\\/\\\/systemische-praxis-bremen.de\\\/\",\"logo\":{\"@type\":\"ImageObject\",\"inLanguage\":\"de\",\"@id\":\"https:\\\/\\\/systemische-praxis-bremen.de\\\/#\\\/schema\\\/logo\\\/image\\\/\",\"url\":\"https:\\\/\\\/systemische-praxis-bremen.de\\\/wp-content\\\/uploads\\\/2026\\\/02\\\/cropped-logo-icon-transparent-2-e1776718902626.png\",\"contentUrl\":\"https:\\\/\\\/systemische-praxis-bremen.de\\\/wp-content\\\/uploads\\\/2026\\\/02\\\/cropped-logo-icon-transparent-2-e1776718902626.png\",\"width\":112,\"height\":125,\"caption\":\"Systemische Praxis Bremen\"},\"image\":{\"@id\":\"https:\\\/\\\/systemische-praxis-bremen.de\\\/#\\\/schema\\\/logo\\\/image\\\/\"}}]}<\/script>\n<!-- \/ Yoast SEO plugin. -->","yoast_head_json":{"title":"\u00dcber mich - Systemische Praxis Bremen","robots":{"index":"index","follow":"follow","max-snippet":"max-snippet:-1","max-image-preview":"max-image-preview:large","max-video-preview":"max-video-preview:-1"},"canonical":"https:\/\/systemische-praxis-bremen.de\/?page_id=17","og_locale":"de_DE","og_type":"article","og_title":"\u00dcber mich - Systemische Praxis Bremen","og_description":"Franziska Gschwendtner Ich verf\u00fcge \u00fcber langj\u00e4hrige Berufs- und Felderfahrungen als Fach- und F\u00fchrungskraft in der Kinder-und Jugendhilfe, als Fachberaterin, als Dozentin in der Weiterbildung in Systemischer Beratung, im Sozialpsychiatrischen Dienst, in der Eltern- und Familienberatung, als Gruppenleiterin einer Kindertagesst\u00e4tte, sowie als Lehrbeauftragte der Hochschule Bremen. Seit 2006 betreibe ich mit meinem Praxispartner die &#8222;Systemische Praxis &hellip; \u201e\u00dcber mich\u201c weiterlesen","og_url":"https:\/\/systemische-praxis-bremen.de\/?page_id=17","og_site_name":"Systemische Praxis Bremen","og_image":[{"url":"https:\/\/systemische-praxis-bremen.de\/wp-content\/uploads\/2026\/04\/F_G.jpg","type":"","width":"","height":""}],"twitter_card":"summary_large_image","twitter_misc":{"Gesch\u00e4tzte Lesezeit":"2\u00a0Minuten"},"schema":{"@context":"https:\/\/schema.org","@graph":[{"@type":"WebPage","@id":"https:\/\/systemische-praxis-bremen.de\/?page_id=17","url":"https:\/\/systemische-praxis-bremen.de\/?page_id=17","name":"\u00dcber mich - Systemische Praxis Bremen","isPartOf":{"@id":"https:\/\/systemische-praxis-bremen.de\/#website"},"primaryImageOfPage":{"@id":"https:\/\/systemische-praxis-bremen.de\/?page_id=17#primaryimage"},"image":{"@id":"https:\/\/systemische-praxis-bremen.de\/?page_id=17#primaryimage"},"thumbnailUrl":"https:\/\/systemische-praxis-bremen.de\/wp-content\/uploads\/2026\/04\/F_G.jpg","datePublished":"2026-04-28T09:45:00+00:00","breadcrumb":{"@id":"https:\/\/systemische-praxis-bremen.de\/?page_id=17#breadcrumb"},"inLanguage":"de","potentialAction":[{"@type":"ReadAction","target":["https:\/\/systemische-praxis-bremen.de\/?page_id=17"]}]},{"@type":"ImageObject","inLanguage":"de","@id":"https:\/\/systemische-praxis-bremen.de\/?page_id=17#primaryimage","url":"https:\/\/systemische-praxis-bremen.de\/wp-content\/uploads\/2026\/04\/F_G.jpg","contentUrl":"https:\/\/systemische-praxis-bremen.de\/wp-content\/uploads\/2026\/04\/F_G.jpg","width":458,"height":614},{"@type":"BreadcrumbList","@id":"https:\/\/systemische-praxis-bremen.de\/?page_id=17#breadcrumb","itemListElement":[{"@type":"ListItem","position":1,"name":"Start","item":"https:\/\/systemische-praxis-bremen.de\/"},{"@type":"ListItem","position":2,"name":"\u00dcber mich"}]},{"@type":"WebSite","@id":"https:\/\/systemische-praxis-bremen.de\/#website","url":"https:\/\/systemische-praxis-bremen.de\/","name":"Systemische Praxis Bremen","description":"Franziska Gschwendtner","publisher":{"@id":"https:\/\/systemische-praxis-bremen.de\/#organization"},"potentialAction":[{"@type":"SearchAction","target":{"@type":"EntryPoint","urlTemplate":"https:\/\/systemische-praxis-bremen.de\/?s={search_term_string}"},"query-input":{"@type":"PropertyValueSpecification","valueRequired":true,"valueName":"search_term_string"}}],"inLanguage":"de"},{"@type":"Organization","@id":"https:\/\/systemische-praxis-bremen.de\/#organization","name":"Systemische Praxis Bremen","url":"https:\/\/systemische-praxis-bremen.de\/","logo":{"@type":"ImageObject","inLanguage":"de","@id":"https:\/\/systemische-praxis-bremen.de\/#\/schema\/logo\/image\/","url":"https:\/\/systemische-praxis-bremen.de\/wp-content\/uploads\/2026\/02\/cropped-logo-icon-transparent-2-e1776718902626.png","contentUrl":"https:\/\/systemische-praxis-bremen.de\/wp-content\/uploads\/2026\/02\/cropped-logo-icon-transparent-2-e1776718902626.png","width":112,"height":125,"caption":"Systemische Praxis Bremen"},"image":{"@id":"https:\/\/systemische-praxis-bremen.de\/#\/schema\/logo\/image\/"}}]}},"_links":{"self":[{"href":"https:\/\/systemische-praxis-bremen.de\/index.php?rest_route=\/wp\/v2\/pages\/17","targetHints":{"allow":["GET"]}}],"collection":[{"href":"https:\/\/systemische-praxis-bremen.de\/index.php?rest_route=\/wp\/v2\/pages"}],"about":[{"href":"https:\/\/systemische-praxis-bremen.de\/index.php?rest_route=\/wp\/v2\/types\/page"}],"author":[{"embeddable":true,"href":"https:\/\/systemische-praxis-bremen.de\/index.php?rest_route=\/wp\/v2\/users\/1"}],"replies":[{"embeddable":true,"href":"https:\/\/systemische-praxis-bremen.de\/index.php?rest_route=%2Fwp%2Fv2%2Fcomments&post=17"}],"version-history":[{"count":13,"href":"https:\/\/systemische-praxis-bremen.de\/index.php?rest_route=\/wp\/v2\/pages\/17\/revisions"}],"predecessor-version":[{"id":394,"href":"https:\/\/systemische-praxis-bremen.de\/index.php?rest_route=\/wp\/v2\/pages\/17\/revisions\/394"}],"wp:attachment":[{"href":"https:\/\/systemische-praxis-bremen.de\/index.php?rest_route=%2Fwp%2Fv2%2Fmedia&parent=17"}],"curies":[{"name":"wp","href":"https:\/\/api.w.org\/{rel}","templated":true}]}}